{"id":167,"date":"2014-04-06T04:21:25","date_gmt":"2014-04-06T01:21:25","guid":{"rendered":"https:\/\/magusainsiyatifi.org\/?post_type=mi_yazi&#038;p=167"},"modified":"2020-09-30T04:22:36","modified_gmt":"2020-09-30T01:22:36","slug":"derinya-gecis-noktasi-hakkinda-basin-bildirisi","status":"publish","type":"mi_yazi","link":"https:\/\/magusainsiyatifi.org\/en\/mi_yazi\/derinya-gecis-noktasi-hakkinda-basin-bildirisi\/","title":{"rendered":"Derinya Ge\u00e7i\u015f Noktas\u0131 hakk\u0131nda bas\u0131n bildirisi"},"content":{"rendered":"<h1>Ma\u011fusa \u0130nisiyatifi bas\u0131n bildirisi<\/h1>\n<p>06 Nisan 2014<\/p>\n<p><strong>Derinya Ge\u00e7i\u015f Noktas\u0131 A\u00e7\u0131ls\u0131n <\/strong><\/p>\n<p>Ma\u011fusa \u0130nisiyatifi olarak K\u0131br\u0131s\u2019\u0131n birle\u015ftirilmesi ana hedefine destek verecek olan yeni ge\u00e7i\u015f noktalar\u0131n\u0131n \u00e7o\u011falt\u0131lmas\u0131 ile ilgili yap\u0131lacak giri\u015fimleri \u00f6nemsiyoruz. Her a\u00e7\u0131lan ge\u00e7i\u015f noktas\u0131n\u0131n b\u00f6l\u00fcnm\u00fc\u015fl\u00fc\u011f\u00fc ve \u00f6nyarg\u0131lar\u0131 y\u0131kacak bir ad\u0131m oldu\u011funa inan\u0131yoruz. Ma\u011fusa \u0130nisiyatifi olarak ge\u00e7i\u015f noktalar\u0131n\u0131n art\u0131r\u0131lmas\u0131n\u0131n \u00f6zellikle Ma\u011fusa b\u00f6lgesi i\u00e7in son derece \u00f6nemli oldu\u011funa inan\u0131yoruz.<\/p>\n<p>Mevcut \u015fartlar alt\u0131nda, Ma\u011fusa\u2019n\u0131n ba\u011flant\u0131s\u0131 Strovilia \/ \u0130ki Bu\u00e7uk Mil \/ Akyar ge\u00e7i\u015f noktas\u0131 \u00fczerinden yap\u0131lmaktad\u0131r. Ma\u011fusa\u2019da a\u00e7\u0131k olan ge\u00e7i\u015f noktas\u0131, konumu itibariyle \u0130ngiliz Egemen \u00dcsler B\u00f6lgesi\u2019ne a\u00e7\u0131lmaktad\u0131r. Bu da, K\u0131br\u0131sl\u0131 T\u00fcrk ve K\u0131br\u0131sl\u0131 Rum toplumlar\u0131n\u0131n do\u011frudan temas\u0131 i\u00e7in uzun mesafelerin kat edilmesine sebep olmaktad\u0131r. Mevcut durum, Derinya kap\u0131s\u0131n\u0131n a\u00e7\u0131lmas\u0131yla 800 metrede eri\u015filebilir olan Derinya b\u00f6lgesine, fazladan 17 kilometrelik bir tur at\u0131lmas\u0131na neden olmaktad\u0131r. H\u00e2lihaz\u0131rda geni\u015f askeri b\u00f6lgelerin ve kapal\u0131 b\u00f6lge Mara\u015f\u2019\u0131n varl\u0131\u011f\u0131 Ma\u011fusa kentinin sosyo-ekonomik geli\u015fimi i\u00e7in s\u0131n\u0131rlay\u0131c\u0131 fakt\u00f6rlerdir. Bu noktada s\u0131n\u0131rlay\u0131c\u0131 fakt\u00f6rlerin azalt\u0131lmas\u0131na y\u00f6nelik \u00e7al\u0131\u015fmalarla beraber, yeni ge\u00e7i\u015f noktalar\u0131n\u0131n olu\u015fturulmas\u0131, kentin s\u0131n\u0131rlar\u0131n\u0131n geni\u015flemesine ve toplumlararas\u0131 ili\u015fkilerin g\u00fc\u00e7lenmesine olumlu katk\u0131 yapacakt\u0131r. Bunun olumlu yans\u0131malar\u0131n\u0131 bir ba\u015fka b\u00f6l\u00fcnm\u00fc\u015f kent olan Lefko\u015fa\u2019da g\u00f6zlemlemek m\u00fcmk\u00fcnd\u00fcr.<\/p>\n<p>Ma\u011fusa b\u00f6lgesinin geli\u015fiminde ana ekonomik faaliyetin turizm oldu\u011funu hesaba katt\u0131\u011f\u0131m\u0131zda, Ma\u011fusa\u2019n\u0131n g\u00fcneyi olarak adland\u0131raca\u011f\u0131m\u0131z Derinya \u2013 Paralimni \u2013 Protaras &#8211; Ayia Napa b\u00f6lgelerini K\u0131br\u0131s Cumhuriyeti\u2019ni ziyaret eden 2 milyon civar\u0131nda turistin \u00f6nemli bir oran\u0131n\u0131n ziyaret etti\u011fini belirtmekte fayda vard\u0131r. Ancak Ma\u011fusa\u2019n\u0131n g\u00fcneyini ziyaret eden bu turistler kentin kuzeyine, \u00f6zellikle Suri\u00e7i ve Salamis\u2019teki tarihi dokuya, kolayl\u0131kla eri\u015fememektedir. Mesafenin azalt\u0131lmas\u0131n\u0131n ula\u015f\u0131m zorlu\u011funun \u00fcstesinden gelece\u011fi gibi, Ma\u011fusa esnaf\u0131na da \u00e7ok \u00f6nemli getiri sa\u011flayacakt\u0131r.<\/p>\n<p>Yeni ge\u00e7i\u015f noktalar\u0131n\u0131n a\u00e7\u0131lmas\u0131n\u0131n toplumlararas\u0131 ili\u015fkilere olumlu katk\u0131 sa\u011flad\u0131\u011f\u0131na y\u00f6nelik iddiam\u0131z bundan bir hafta \u00f6nce Birle\u015fmi\u015f Milletler \u0130nsan Haklar\u0131 Konseyi\u2019nin K\u0131br\u0131s\u2019a y\u00f6nelik d\u00f6rd\u00fcnc\u00fc raporunun sonu\u00e7 b\u00f6l\u00fcm\u00fcyle de desteklenmi\u015ftir. \u0130lgili raporun 17. Paragraf\u0131 ge\u00e7i\u015f noktalar\u0131na de\u011finir. A\u00e7\u0131klama, K\u0131br\u0131s Cumhuriyeti\u2019nin K\u0131br\u0131sl\u0131 T\u00fcrk liderli\u011fiyle yeni ge\u00e7i\u015f noktalar\u0131n\u0131n a\u00e7\u0131lmas\u0131na y\u00f6nelik \u00e7abalar\u0131na at\u0131fta bulunur. Komite, 1974 y\u0131l\u0131ndan sonra K\u0131br\u0131s\u2019a gelen insanlar\u0131n ve onlar\u0131n \u00e7ocuklar\u0131yla torunlar\u0131n\u0131n hareket \u00f6zg\u00fcrl\u00fc\u011f\u00fcne, K\u0131br\u0131s Cumhuriyeti\u2019ni sayg\u0131 duymaya davet eder ve bu \u00f6zg\u00fcrl\u00fcklerinden ma\u011fduriyet ya\u015fayanlara y\u00f6nelik s\u0131n\u0131rland\u0131rmalara dair duydu\u011fu kayg\u0131y\u0131 payla\u015f\u0131r. Paragraf\u0131n devam\u0131nda ise yeni ge\u00e7i\u015f noktalar\u0131n\u0131n a\u00e7\u0131lmas\u0131na y\u00f6nelik \u00e7abalara destek verir ve ge\u00e7i\u015f noktalar\u0131n\u0131n art\u0131r\u0131lmas\u0131n\u0131n, iki toplum aras\u0131ndaki olumlu atmosfere yapaca\u011f\u0131 katk\u0131y\u0131 vurgular.<\/p>\n<p>Ma\u011fusa \u0130nisiyatifi olarak, K\u0131br\u0131s\u2019\u0131n birle\u015fmesi i\u00e7in at\u0131lacak t\u00fcm ad\u0131mlar\u0131n normalle\u015fmeye ve kar\u015f\u0131l\u0131kl\u0131 g\u00fcvenin yeniden tesisine katk\u0131 sa\u011flad\u0131\u011f\u0131na inan\u0131yoruz. Bu noktada Derinya ge\u00e7i\u015f noktas\u0131n\u0131n a\u00e7\u0131lmas\u0131 ile ilgili \u00e7al\u0131\u015fmalar\u0131m\u0131z\u0131 yo\u011funla\u015ft\u0131raca\u011f\u0131m\u0131z\u0131, b\u00f6lgedeki t\u00fcm sivil \u00f6rg\u00fctleri ve vizyonumuzu payla\u015fan t\u00fcm duyarl\u0131 vatanda\u015flarla, gerekli ittifaklar\u0131 kuraca\u011f\u0131m\u0131z\u0131 kamuoyunun bilgisine sunar\u0131z.<\/p>\n<p>Mertkan Hamit<br \/>\nMa\u011fusa \u0130nisiyatifi Aktivisti<\/p>\n<p>&nbsp;<\/p>","protected":false},"featured_media":0,"template":"","categories":[5],"tags":[69],"class_list":{"0":"post-167","1":"mi_yazi","2":"type-mi_yazi","3":"status-publish","5":"category-basin-aciklamasi","6":"tag-derinya-kapisi","7":"czr-hentry"},"_links":{"self":[{"href":"https:\/\/magusainsiyatifi.org\/en\/wp-json\/wp\/v2\/mi_yazi\/167","targetHints":{"allow":["GET"]}}],"collection":[{"href":"https:\/\/magusainsiyatifi.org\/en\/wp-json\/wp\/v2\/mi_yazi"}],"about":[{"href":"https:\/\/magusainsiyatifi.org\/en\/wp-json\/wp\/v2\/types\/mi_yazi"}],"wp:attachment":[{"href":"https:\/\/magusainsiyatifi.org\/en\/wp-json\/wp\/v2\/media?parent=167"}],"wp:term":[{"taxonomy":"category","embeddable":true,"href":"https:\/\/magusainsiyatifi.org\/en\/wp-json\/wp\/v2\/categories?post=167"},{"taxonomy":"post_tag","embeddable":true,"href":"https:\/\/magusainsiyatifi.org\/en\/wp-json\/wp\/v2\/tags?post=167"}],"curies":[{"name":"wp","href":"https:\/\/api.w.org\/{rel}","templated":true}]}}